{"id":8122,"date":"2022-04-07T11:47:03","date_gmt":"2022-04-07T08:47:03","guid":{"rendered":"http:\/\/www.dostumyem.com.tr?page_id=8122"},"modified":"2022-06-08T16:14:18","modified_gmt":"2022-06-08T13:14:18","slug":"sosyal-sorumluluk","status":"publish","type":"page","link":"https:\/\/dostumyemeski.birikiuc.net\/?page_id=8122","title":{"rendered":"Sosyal Sorumluluk"},"content":{"rendered":"<section class=\"l-section wpb_row height_small color_primary parallax_hor bgwidth_120\"><div class=\"l-section-overlay\" style=\"background:rgba(2,2,2,0.67)\"><\/div><div class=\"l-section-h i-cf\"><div class=\"g-cols vc_row via_grid cols_1 laptops-cols_inherit tablets-cols_inherit mobiles-cols_1 valign_top type_default\"><div class=\"wpb_column vc_column_container\"><div class=\"vc_column-inner\"><div class=\"wpb_text_column\"><div class=\"wpb_wrapper\"><h1 style=\"text-align: center;\">SOSYAL SORUMLULUK<\/h1>\n<\/div><\/div><div class=\"w-separator size_small\"><\/div><div class=\"w-iconbox iconpos_top style_default color_custom align_center no_title no_text\"><a href=\"#intro\" class=\"w-iconbox-link\" aria-label=\"far|chevron-down\"><div class=\"w-iconbox-icon\" style=\"font-size:3rem;color:#ffffff;\"><i class=\"far fa-chevron-down\"><\/i><\/div><\/a><div class=\"w-iconbox-meta\"><\/div><\/div><div class=\"w-separator size_medium\"><\/div><\/div><\/div><\/div><\/div><\/section><!-- Row Backgrounds --><div class=\"upb_color\" data-bg-override=\"0\" data-bg-color=\"#1e73be\" data-fadeout=\"\" data-fadeout-percentage=\"30\" data-parallax-content=\"\" data-parallax-content-sense=\"30\" data-row-effect-mobile-disable=\"true\" data-img-parallax-mobile-disable=\"true\" data-rtl=\"false\"  data-custom-vc-row=\"\"  data-vc=\"6.7.0\"  data-is_old_vc=\"\"  data-theme-support=\"\"   data-overlay=\"false\" data-overlay-color=\"\" data-overlay-pattern=\"\" data-overlay-pattern-opacity=\"\" data-overlay-pattern-size=\"\"    ><\/div><section class=\"l-section wpb_row height_small color_alternate\" id=\"intro\"><div class=\"l-section-h i-cf\"><div class=\"g-cols vc_row via_grid cols_1 laptops-cols_inherit tablets-cols_inherit mobiles-cols_1 valign_top type_default\"><div class=\"wpb_column vc_column_container\"><div class=\"vc_column-inner\"><div class=\"w-image align_center\"><div class=\"w-image-h\"><img loading=\"lazy\" decoding=\"async\" width=\"274\" height=\"40\" src=\"https:\/\/dostumyemeski.birikiuc.net\/wp-content\/uploads\/2015\/12\/Yircali.png\" class=\"attachment-large size-large\" alt=\"\" \/><\/div><\/div><div class=\"w-separator size_medium with_line width_default thick_1 style_solid color_border align_center with_content\"><div class=\"w-separator-h\"><i class=\"fas fa-chevron-down\"><\/i><\/div><\/div><div class=\"g-cols wpb_row via_grid cols_1 laptops-cols_inherit tablets-cols_inherit mobiles-cols_1 valign_top type_default\"><div class=\"wpb_column vc_column_container\"><div class=\"vc_column-inner\"><div class=\"wpb_text_column\"><div class=\"wpb_wrapper\"><p style=\"text-align: center;\">Bir as\u0131rl\u0131k hikayesiyle T\u00fcrkiye\u2019ye de\u011fer veren ve de\u011fer \u00fcreten Y\u0131rcal\u0131 Holding, 21.Y\u00fczy\u0131l ihtiya\u00e7lar\u0131 i\u00e7in de \u00e7aba harcamaktad\u0131r. Toplumdan ald\u0131\u011f\u0131n\u0131 topluma geri kazand\u0131ran \u015firketimiz bir\u00e7ok alanda sosyal sorumluluk \u00e7abas\u0131 i\u00e7erisindedir. T\u00fcrkiye tarihinin Milli E\u011fitim Kurumu\u2019na okul ba\u011f\u0131\u015flayan ilk \u015firketi olma niteli\u011fi de harcad\u0131\u011f\u0131m\u0131z \u00e7aban\u0131n ne kadar tarihi ve i\u00e7ten oldu\u011funun bir kan\u0131t\u0131d\u0131r. Sadece e\u011fitim alan\u0131nda de\u011fil, her alanda s\u00fcrd\u00fcr\u00fclebilirli\u011fin ve toplumsal kalk\u0131nman\u0131n destek\u00e7isiyiz.<\/p>\n<\/div><\/div><div class=\"w-image align_center\"><div class=\"w-image-h\"><img loading=\"lazy\" decoding=\"async\" width=\"1024\" height=\"122\" src=\"https:\/\/dostumyemeski.birikiuc.net\/wp-content\/uploads\/2022\/05\/yatbp-01-1024x122.png\" class=\"attachment-large size-large\" alt=\"\" srcset=\"https:\/\/dostumyemeski.birikiuc.net\/wp-content\/uploads\/2022\/05\/yatbp-01-1024x122.png 1024w, https:\/\/dostumyemeski.birikiuc.net\/wp-content\/uploads\/2022\/05\/yatbp-01-300x36.png 300w\" sizes=\"auto, (max-width: 1024px) 100vw, 1024px\" \/><\/div><\/div><\/div><\/div><\/div><\/div><\/div><\/div><\/div><\/section><section class=\"l-section wpb_row height_small\"><div class=\"l-section-h i-cf\"><div class=\"g-cols vc_row via_grid cols_3 laptops-cols_inherit tablets-cols_inherit mobiles-cols_1 valign_top type_default\"><div class=\"wpb_column vc_column_container\"><div class=\"vc_column-inner\"><div class=\"w-image align_none\"><div class=\"w-image-h\"><img loading=\"lazy\" decoding=\"async\" width=\"500\" height=\"500\" src=\"https:\/\/dostumyemeski.birikiuc.net\/wp-content\/uploads\/2016\/02\/Muserref.png\" class=\"attachment-large size-large\" alt=\"\" srcset=\"https:\/\/dostumyemeski.birikiuc.net\/wp-content\/uploads\/2016\/02\/Muserref.png 500w, https:\/\/dostumyemeski.birikiuc.net\/wp-content\/uploads\/2016\/02\/Muserref-300x300.png 300w, https:\/\/dostumyemeski.birikiuc.net\/wp-content\/uploads\/2016\/02\/Muserref-150x150.png 150w\" sizes=\"auto, (max-width: 500px) 100vw, 500px\" \/><\/div><\/div><div class=\"wpb_text_column\"><div class=\"wpb_wrapper\"><p style=\"text-align: center;\"><strong>M\u00dc\u015eERREF YIRCALI \u00c7OCUK YUVASI<\/strong><\/p>\n<p style=\"text-align: center;\"><em><strong>Milli E\u011fitim Bakanl\u0131\u011f\u0131\u2019na Ba\u011f\u0131\u015flanan\u00a0\u0130lk \u00c7ocuk Yuvas\u0131<\/strong><\/em><\/p>\n<p style=\"text-align: center;\">M\u00fc\u015ferref Y\u0131rcal\u0131 taraf\u0131ndan yapt\u0131r\u0131lan yuva 07 Eyl\u00fcl 1963 tarihinde hizmete sokulmu\u015ftur. T\u00fcrk Milli E\u011fitimi\u2019ne ba\u011f\u0131\u015flanan ilk \u00e7ocuk yuvas\u0131 \u00f6zelli\u011fini ta\u015f\u0131maktad\u0131r. 0 \u2013 6 ya\u015f grubunda ortalama 50-60 kimsesiz \u00e7ocu\u011fumuz 2013 y\u0131l\u0131na kadar bu yuvada koruma alt\u0131nda tutulmu\u015ftur.<\/p>\n<\/div><\/div><\/div><\/div><div class=\"wpb_column vc_column_container\"><div class=\"vc_column-inner\"><div class=\"w-image align_none\"><div class=\"w-image-h\"><img loading=\"lazy\" decoding=\"async\" width=\"500\" height=\"500\" src=\"https:\/\/dostumyemeski.birikiuc.net\/wp-content\/uploads\/2016\/02\/MuharremHasbi.png\" class=\"attachment-large size-large\" alt=\"\" srcset=\"https:\/\/dostumyemeski.birikiuc.net\/wp-content\/uploads\/2016\/02\/MuharremHasbi.png 500w, https:\/\/dostumyemeski.birikiuc.net\/wp-content\/uploads\/2016\/02\/MuharremHasbi-300x300.png 300w, https:\/\/dostumyemeski.birikiuc.net\/wp-content\/uploads\/2016\/02\/MuharremHasbi-150x150.png 150w\" sizes=\"auto, (max-width: 500px) 100vw, 500px\" \/><\/div><\/div><div class=\"wpb_text_column\"><div class=\"wpb_wrapper\"><p style=\"text-align: center;\"><strong>MUHARREM HASB\u0130 ANADOLU L\u0130SES\u0130<\/strong><\/p>\n<p style=\"text-align: center;\"><em><strong>Milli E\u011fitim Bakanl\u0131\u011f\u0131\u2019na Ba\u011f\u0131\u015flanan\u00a0\u0130lk\u00a0Lise<\/strong><\/em><\/p>\n<p class=\"p1\" style=\"text-align: center;\">Merhum Muharrem Hasbi Koray taraf\u0131ndan yapt\u0131r\u0131lan okul 1959 y\u0131l\u0131nda a\u00e7\u0131lm\u0131\u015ft\u0131r. T\u00fcrk Milli E\u011fitimi\u2019ne ba\u011f\u0131\u015flanan ilk lise olma \u00f6zelli\u011fini de ta\u015f\u0131yan okul,<span class=\"Apple-converted-space\">\u00a0\u00a0<\/span>850 \u00f6\u011frenci ve 110 \u00f6\u011fretmeniyle e\u011fitim ve \u00f6\u011frenimine devam etmektedir. Ailenin e\u011fitim i\u00e7in harcad\u0131\u011f\u0131 \u00e7aba bu okul sonras\u0131nda artarak devam etmi\u015ftir.<\/p>\n<\/div><\/div><\/div><\/div><div class=\"wpb_column vc_column_container\"><div class=\"vc_column-inner\"><div class=\"w-image align_none\"><div class=\"w-image-h\"><img loading=\"lazy\" decoding=\"async\" width=\"500\" height=\"500\" src=\"https:\/\/dostumyemeski.birikiuc.net\/wp-content\/uploads\/2022\/04\/syal.jpg\" class=\"attachment-large size-large\" alt=\"\" srcset=\"https:\/\/dostumyemeski.birikiuc.net\/wp-content\/uploads\/2022\/04\/syal.jpg 500w, https:\/\/dostumyemeski.birikiuc.net\/wp-content\/uploads\/2022\/04\/syal-300x300.jpg 300w, https:\/\/dostumyemeski.birikiuc.net\/wp-content\/uploads\/2022\/04\/syal-150x150.jpg 150w\" sizes=\"auto, (max-width: 500px) 100vw, 500px\" \/><\/div><\/div><div class=\"wpb_text_column\"><div class=\"wpb_wrapper\"><p class=\"p1\" style=\"text-align: center;\"><b>SIRRI YIRCALI ANADOLU L\u0130SES\u0130<\/b><\/p>\n<p class=\"p1\" style=\"text-align: center;\"><b>\u201c T\u00fcrkiye\u2019nin 5 Y\u0131ll\u0131k E\u011fitim Veren Say\u0131l\u0131 E\u011fitim\u00a0<\/b><b>Kurumlar\u0131ndan Biri\u201d<\/b><\/p>\n<p class=\"p1\" style=\"text-align: center;\">Merhum<span class=\"Apple-converted-space\">\u00a0\u00a0<\/span>A.S\u0131rr\u0131 Y\u0131rcal\u0131<span class=\"Apple-converted-space\">\u00a0\u00a0<\/span>taraf\u0131ndan yapt\u0131r\u0131lan okul, 1984-1985 E\u011fitim ve \u00d6\u011fretim y\u0131l\u0131nda hizmete a\u00e7\u0131lm\u0131\u015ft\u0131r. \u00dclkemizin yabanc\u0131 dil haz\u0131rl\u0131k s\u0131n\u0131f\u0131 kapsam\u0131nda e\u011fitim veren 10 Anadolu Lisesinden biridir. Bir\u00e7ok dalda T\u00fcrkiye derecelerinin sahibi olan okul, 900 \u00f6\u011frenci, 125 \u00f6\u011fretmeniyle e\u011fitim ve \u00f6\u011frenimine devam etmektedir.<\/p>\n<\/div><\/div><\/div><\/div><\/div><\/div><\/section><section class=\"l-section wpb_row height_small\"><div class=\"l-section-h i-cf\"><div class=\"g-cols vc_row via_grid cols_2 laptops-cols_inherit tablets-cols_inherit mobiles-cols_1 valign_top type_default\"><div class=\"wpb_column vc_column_container\"><div class=\"vc_column-inner\"><div class=\"w-image align_none\"><div class=\"w-image-h\"><img loading=\"lazy\" decoding=\"async\" width=\"500\" height=\"500\" src=\"https:\/\/dostumyemeski.birikiuc.net\/wp-content\/uploads\/2016\/02\/Tev.png\" class=\"attachment-large size-large\" alt=\"\" srcset=\"https:\/\/dostumyemeski.birikiuc.net\/wp-content\/uploads\/2016\/02\/Tev.png 500w, https:\/\/dostumyemeski.birikiuc.net\/wp-content\/uploads\/2016\/02\/Tev-300x300.png 300w, https:\/\/dostumyemeski.birikiuc.net\/wp-content\/uploads\/2016\/02\/Tev-150x150.png 150w\" sizes=\"auto, (max-width: 500px) 100vw, 500px\" \/><\/div><\/div><\/div><\/div><div class=\"wpb_column vc_column_container\"><div class=\"vc_column-inner\"><div class=\"wpb_text_column\"><div class=\"wpb_wrapper\"><p class=\"p1\"><b>TEV \u2013 T\u00dcRK E\u011e\u0130T\u0130M VAKFI<\/b><\/p>\n<p>S\u0131rr\u0131 Y\u0131rcal\u0131\u2019n\u0131n da Kurucu \u00dcyesi oldu\u011fu TEV, bug\u00fcn T\u00fcrkiye\u2019nin en k\u00f6kl\u00fc vak\u0131flar\u0131ndan birisidir. 45 y\u0131l \u00f6nce Vehbi Ko\u00e7 \u00f6nderli\u011finde e\u011fitime g\u00f6n\u00fcl vermi\u015f ayd\u0131nlar taraf\u0131ndan hayata ge\u00e7irilen TEV, ba\u015far\u0131l\u0131, fakat maddi deste\u011fe ihtiyac\u0131 olan \u00f6\u011frencilere deste\u011fini kesintisiz s\u00fcrd\u00fcrmektedir. Rona Y\u0131rcal\u0131, 2004-2007 y\u0131llar\u0131 aras\u0131nda vakf\u0131n Y\u00f6netim Kurulu Ba\u015fkanl\u0131\u011f\u0131\u2019n\u0131 y\u00fcr\u00fctm\u00fc\u015ft\u00fcr.<\/p>\n<\/div><\/div><\/div><\/div><\/div><\/div><\/section><section class=\"l-section wpb_row height_small\"><div class=\"l-section-h i-cf\"><div class=\"g-cols vc_row via_grid cols_3 laptops-cols_inherit tablets-cols_inherit mobiles-cols_1 valign_top type_default\"><div class=\"wpb_column vc_column_container\"><div class=\"vc_column-inner\"><div class=\"w-image align_none\"><div class=\"w-image-h\"><img loading=\"lazy\" decoding=\"async\" width=\"500\" height=\"500\" src=\"https:\/\/dostumyemeski.birikiuc.net\/wp-content\/uploads\/2016\/02\/yogunbakim.png\" class=\"attachment-large size-large\" alt=\"\" srcset=\"https:\/\/dostumyemeski.birikiuc.net\/wp-content\/uploads\/2016\/02\/yogunbakim.png 500w, https:\/\/dostumyemeski.birikiuc.net\/wp-content\/uploads\/2016\/02\/yogunbakim-300x300.png 300w, https:\/\/dostumyemeski.birikiuc.net\/wp-content\/uploads\/2016\/02\/yogunbakim-150x150.png 150w\" sizes=\"auto, (max-width: 500px) 100vw, 500px\" \/><\/div><\/div><div class=\"wpb_text_column\"><div class=\"wpb_wrapper\"><p style=\"text-align: center;\"><strong>RONA YIRCALI \u00c7OCUK YO\u011eUN BAKIM \u00dcN\u0130TES\u0130<\/strong><\/p>\n<p class=\"p1\" style=\"text-align: center;\">Rona Y\u0131rcal\u0131 taraf\u0131ndan yapt\u0131r\u0131l\u0131p Bal\u0131kesir Atat\u00fcrk Devlet Hastanesi b\u00fcnyesine kazand\u0131r\u0131lan, 0 \u2013 18 ya\u015f \u00e7ocuklar\u0131n tedavi g\u00f6rd\u00fckleri 18 yatak kapasiteli \u00c7ocuk Yo\u011fun Bak\u0131m \u00dcnitesi 24 Ocak 2013 tarihinde a\u00e7\u0131lm\u0131\u015f olup, halen bu hizmetini s\u00fcrd\u00fcrmektedir.<\/p>\n<\/div><\/div><\/div><\/div><div class=\"wpb_column vc_column_container\"><div class=\"vc_column-inner\"><div class=\"w-image align_none\"><div class=\"w-image-h\"><img loading=\"lazy\" decoding=\"async\" width=\"500\" height=\"500\" src=\"https:\/\/dostumyemeski.birikiuc.net\/wp-content\/uploads\/2016\/02\/anaokulu.png\" class=\"attachment-large size-large\" alt=\"\" srcset=\"https:\/\/dostumyemeski.birikiuc.net\/wp-content\/uploads\/2016\/02\/anaokulu.png 500w, https:\/\/dostumyemeski.birikiuc.net\/wp-content\/uploads\/2016\/02\/anaokulu-300x300.png 300w, https:\/\/dostumyemeski.birikiuc.net\/wp-content\/uploads\/2016\/02\/anaokulu-150x150.png 150w\" sizes=\"auto, (max-width: 500px) 100vw, 500px\" \/><\/div><\/div><div class=\"wpb_text_column\"><div class=\"wpb_wrapper\"><p style=\"text-align: center;\"><strong>AKH\u0130SAR YIRCALI ANA OKULU<\/strong><\/p>\n<p class=\"p1\" style=\"text-align: center;\">11 Eyl\u00fcl 2011 tarihinde a\u00e7\u0131l\u0131\u015f\u0131 yap\u0131lan okul, 2011\/2012 E\u011fitim-\u00d6\u011fretim Y\u0131l\u0131nda hizmete g\u0130rmi\u015ftir. Ana okulunda 3-6 ya\u015f grubunda halen 120 \u00e7ocuk e\u011fitim g\u00f6rmektedir.<\/p>\n<\/div><\/div><\/div><\/div><div class=\"wpb_column vc_column_container\"><div class=\"vc_column-inner\"><div class=\"w-image align_none\"><div class=\"w-image-h\"><img loading=\"lazy\" decoding=\"async\" width=\"500\" height=\"500\" src=\"https:\/\/dostumyemeski.birikiuc.net\/wp-content\/uploads\/2016\/02\/BestBalikesir.png\" class=\"attachment-large size-large\" alt=\"\" srcset=\"https:\/\/dostumyemeski.birikiuc.net\/wp-content\/uploads\/2016\/02\/BestBalikesir.png 500w, https:\/\/dostumyemeski.birikiuc.net\/wp-content\/uploads\/2016\/02\/BestBalikesir-300x300.png 300w, https:\/\/dostumyemeski.birikiuc.net\/wp-content\/uploads\/2016\/02\/BestBalikesir-150x150.png 150w\" sizes=\"auto, (max-width: 500px) 100vw, 500px\" \/><\/div><\/div><div class=\"wpb_text_column\"><div class=\"wpb_wrapper\"><p class=\"p1\" style=\"text-align: center;\"><b>BEST BALIKES\u0130R BASKETBOL KUL\u00dcB\u00dc<\/b><\/p>\n<p class=\"p1\" style=\"text-align: center;\"><b>\u201cBasketbol 1. liginde bir Ba\u015far\u0131 \u00d6yk\u00fcs\u00fc\u201d<\/b><\/p>\n<p class=\"p1\" style=\"text-align: center;\">Sporun insanlar\u0131 bir araya getiren etkisinin bilinciyle yola\u00a0\u00e7\u0131kan Y\u0131rcal\u0131 Holding, 2006 y\u0131l\u0131ndan bu yana ismini verdi\u011fi\u00a0BEST Bal\u0131kesir Basketbol Kul\u00fcb\u00fc\u2019n\u00fc ana sponsor olarak\u00a0desteklemektedir. \u00d6nemli ba\u015far\u0131lara imza atarak \u015fehrin gen\u00e7\u00a0nesillerine cesaret ve ilham veren tak\u0131m\u0131m\u0131z, 2011\/2012\u00a0sezonundan bu yana T\u00fcrkiye Basketbol Ligi Erkekler\u00a01.Liginde m\u00fccadele etmeye ba\u015flam\u0131\u015ft\u0131r.<\/p>\n<\/div><\/div><\/div><\/div><\/div><\/div><\/section><section class=\"l-section wpb_row height_small\"><div class=\"l-section-h i-cf\"><div class=\"g-cols vc_row via_grid cols_2 laptops-cols_inherit tablets-cols_inherit mobiles-cols_1 valign_top type_default\"><div class=\"wpb_column vc_column_container\"><div class=\"vc_column-inner\"><div class=\"wpb_text_column\"><div class=\"wpb_wrapper\"><p><strong>B\u0130R BA\u015eARI H\u0130KAYES\u0130 \u2013 YERSA A.\u015e VE \u015eEH\u0130RDEN K\u00d6YE G\u00d6\u00c7<\/strong><\/p>\n<\/div><\/div><div class=\"wpb_text_column\"><div class=\"wpb_wrapper\"><div>Yersa A.\u015e, \u00a05 y\u0131lda \u00e7arpan etkisiyle kentin \u00fcretim ve t\u00fcketim kanallar\u0131n\u0131 tetikleyerek il\u00e7enin ekonomisinde 50 \u00a0milyon TL\u2019lik bir ekonomi yarat\u0131lmas\u0131n\u0131 sa\u011flad\u0131.<\/div>\n<div><\/div>\n<div>Yaratt\u0131\u011f\u0131 istihdam hacmiyle kentin harcama potansiyelini de art\u0131ran, Sara\u00e7 K\u00f6y\u00fc\u2019nde kredi kart\u0131 kullan\u0131m\u0131n\u0131 ve ATM\u2019lerin kurulmas\u0131n\u0131 h\u0131zland\u0131rd\u0131; kendisinden sonra b\u00f6lgeye gelen di\u011fer i\u015fyerleri i\u00e7in de \u00f6nc\u00fc oldu.<\/div>\n<\/div><\/div><div class=\"wpb_text_column\"><div class=\"wpb_wrapper\"><div><\/div>\n<div>Kentin ekonomik ve sosyal hayat\u0131nda b\u00fcy\u00fck fark yaratan bu \u00f6zel sekt\u00f6r yat\u0131r\u0131m\u0131; \u00a0ba\u015fta Kepsut\u2019da kad\u0131nlar\u0131n \u00e7al\u0131\u015fma hayat\u0131na kat\u0131l\u0131mlar\u0131 y\u00f6n\u00fcnde olumlu katk\u0131lar sa\u011flad\u0131. Kad\u0131n istihdam\u0131n\u0131n d\u00fc\u015f\u00fck ve kay\u0131t d\u0131\u015f\u0131l\u0131\u011f\u0131n y\u00fcksek oldu\u011fu il\u00e7ede, Yersa A.\u015e. b\u00fcnyesinde kad\u0131n \u00e7al\u0131\u015fan oran\u0131n\u0131n % 21\u2019e ula\u015ft\u0131\u011f\u0131, kad\u0131n \u00e7al\u0131\u015fanlar\u0131n\u0131n %80\u2019inin de ilk i\u015fe ba\u015flad\u0131klar\u0131 i\u015fyerlerinin kurulu\u015fumuz oldu\u011fu belirlendi.<\/div>\n<div><\/div>\n<div>B\u00f6ylelikle, Yersa A.\u015e. yat\u0131r\u0131mlar\u0131n\u0131n bilhassa Sara\u00e7 k\u00f6y\u00fcnde \u00a0\u201ck\u00f6yden \u015fehir\u2019e g\u00f6\u00e7\u00fc tersine d\u00f6nd\u00fcrmede katk\u0131 sa\u011flad\u0131\u011f\u0131\u201d gibi bu k\u00f6yde yeti\u015fen \u00e7ok say\u0131da \u00a0gencimizin \u00a0\u00fclkemizin \u00e7e\u015fitli \u00fcniversitelerinde her y\u0131l daha da artarak \u00a0\u00f6\u011frenim g\u00f6rmesine vesile olmaktad\u0131r.<\/div>\n<\/div><\/div><\/div><\/div><div class=\"wpb_column vc_column_container\"><div class=\"vc_column-inner\"><div class=\"w-image align_none\"><div class=\"w-image-h\"><img loading=\"lazy\" decoding=\"async\" width=\"500\" height=\"500\" src=\"https:\/\/dostumyemeski.birikiuc.net\/wp-content\/uploads\/2016\/02\/YersaLogolu.png\" class=\"attachment-large size-large\" alt=\"\" srcset=\"https:\/\/dostumyemeski.birikiuc.net\/wp-content\/uploads\/2016\/02\/YersaLogolu.png 500w, https:\/\/dostumyemeski.birikiuc.net\/wp-content\/uploads\/2016\/02\/YersaLogolu-300x300.png 300w, https:\/\/dostumyemeski.birikiuc.net\/wp-content\/uploads\/2016\/02\/YersaLogolu-150x150.png 150w\" sizes=\"auto, (max-width: 500px) 100vw, 500px\" \/><\/div><\/div><\/div><\/div><\/div><\/div><\/section><section class=\"l-section wpb_row height_small\" id=\"first\"><div class=\"l-section-h i-cf\"><div class=\"g-cols vc_row via_grid cols_1 laptops-cols_inherit tablets-cols_inherit mobiles-cols_1 valign_top type_default\"><div class=\"wpb_column vc_column_container\"><div class=\"vc_column-inner\"><div class=\"w-image align_center\"><div class=\"w-image-h\"><img loading=\"lazy\" decoding=\"async\" width=\"1024\" height=\"152\" src=\"https:\/\/dostumyemeski.birikiuc.net\/wp-content\/uploads\/2022\/06\/slogan-1024x152.png\" class=\"attachment-large size-large\" alt=\"\" srcset=\"https:\/\/dostumyemeski.birikiuc.net\/wp-content\/uploads\/2022\/06\/slogan-1024x152.png 1024w, https:\/\/dostumyemeski.birikiuc.net\/wp-content\/uploads\/2022\/06\/slogan-300x44.png 300w\" sizes=\"auto, (max-width: 1024px) 100vw, 1024px\" \/><\/div><\/div><\/div><\/div><\/div><\/div><\/section><!-- Row Backgrounds --><div class=\"upb_color\" data-bg-override=\"0\" data-bg-color=\"#11cc00\" data-fadeout=\"\" data-fadeout-percentage=\"30\" data-parallax-content=\"\" data-parallax-content-sense=\"30\" data-row-effect-mobile-disable=\"true\" data-img-parallax-mobile-disable=\"true\" data-rtl=\"false\"  data-custom-vc-row=\"\"  data-vc=\"6.7.0\"  data-is_old_vc=\"\"  data-theme-support=\"\"   data-overlay=\"false\" data-overlay-color=\"\" data-overlay-pattern=\"\" data-overlay-pattern-opacity=\"\" data-overlay-pattern-size=\"\"    ><\/div>\n","protected":false},"excerpt":{"rendered":"SOSYAL SORUMLULUK Bir as\u0131rl\u0131k hikayesiyle T\u00fcrkiye\u2019ye de\u011fer veren ve de\u011fer \u00fcreten Y\u0131rcal\u0131 Holding, 21.Y\u00fczy\u0131l ihtiya\u00e7lar\u0131 i\u00e7in de \u00e7aba harcamaktad\u0131r. Toplumdan ald\u0131\u011f\u0131n\u0131 topluma geri kazand\u0131ran \u015firketimiz bir\u00e7ok alanda sosyal sorumluluk \u00e7abas\u0131 i\u00e7erisindedir. T\u00fcrkiye tarihinin Milli E\u011fitim Kurumu\u2019na okul ba\u011f\u0131\u015flayan ilk \u015firketi olma niteli\u011fi de harcad\u0131\u011f\u0131m\u0131z \u00e7aban\u0131n ne kadar tarihi ve i\u00e7ten oldu\u011funun bir kan\u0131t\u0131d\u0131r. Sadece e\u011fitim...","protected":false},"author":1,"featured_media":0,"parent":0,"menu_order":0,"comment_status":"closed","ping_status":"closed","template":"","meta":{"footnotes":""},"class_list":["post-8122","page","type-page","status-publish","hentry"],"_links":{"self":[{"href":"https:\/\/dostumyemeski.birikiuc.net\/index.php?rest_route=\/wp\/v2\/pages\/8122","targetHints":{"allow":["GET"]}}],"collection":[{"href":"https:\/\/dostumyemeski.birikiuc.net\/index.php?rest_route=\/wp\/v2\/pages"}],"about":[{"href":"https:\/\/dostumyemeski.birikiuc.net\/index.php?rest_route=\/wp\/v2\/types\/page"}],"author":[{"embeddable":true,"href":"https:\/\/dostumyemeski.birikiuc.net\/index.php?rest_route=\/wp\/v2\/users\/1"}],"replies":[{"embeddable":true,"href":"https:\/\/dostumyemeski.birikiuc.net\/index.php?rest_route=%2Fwp%2Fv2%2Fcomments&post=8122"}],"version-history":[{"count":19,"href":"https:\/\/dostumyemeski.birikiuc.net\/index.php?rest_route=\/wp\/v2\/pages\/8122\/revisions"}],"predecessor-version":[{"id":8928,"href":"https:\/\/dostumyemeski.birikiuc.net\/index.php?rest_route=\/wp\/v2\/pages\/8122\/revisions\/8928"}],"wp:attachment":[{"href":"https:\/\/dostumyemeski.birikiuc.net\/index.php?rest_route=%2Fwp%2Fv2%2Fmedia&parent=8122"}],"curies":[{"name":"wp","href":"https:\/\/api.w.org\/{rel}","templated":true}]}}