{"id":8087,"date":"2022-04-07T10:36:47","date_gmt":"2022-04-07T07:36:47","guid":{"rendered":"www.dostumyem.com.tr?page_id=8087"},"modified":"2022-05-12T12:11:21","modified_gmt":"2022-05-12T09:11:21","slug":"yircali-holding","status":"publish","type":"page","link":"https:\/\/dostumyemeski.birikiuc.net\/?page_id=8087","title":{"rendered":"Y\u0131rcal\u0131 Holding"},"content":{"rendered":"<section class=\"l-section wpb_row height_small color_primary parallax_hor bgwidth_120\"><div class=\"l-section-overlay\" style=\"background:rgba(2,2,2,0.67)\"><\/div><div class=\"l-section-h i-cf\"><div class=\"g-cols vc_row via_grid cols_1 laptops-cols_inherit tablets-cols_inherit mobiles-cols_1 valign_top type_default\"><div class=\"wpb_column vc_column_container\"><div class=\"vc_column-inner\"><div class=\"wpb_text_column\"><div class=\"wpb_wrapper\"><h1 style=\"text-align: center;\">YIRCALI HOLD\u0130NG<\/h1>\n<\/div><\/div><div class=\"w-separator size_small\"><\/div><div class=\"w-iconbox iconpos_top style_default color_custom align_center no_title no_text\"><a href=\"#intro\" class=\"w-iconbox-link\" aria-label=\"far|chevron-down\"><div class=\"w-iconbox-icon\" style=\"font-size:3rem;color:#ffffff;\"><i class=\"far fa-chevron-down\"><\/i><\/div><\/a><div class=\"w-iconbox-meta\"><\/div><\/div><div class=\"w-separator size_medium\"><\/div><\/div><\/div><\/div><\/div><\/section><!-- Row Backgrounds --><div class=\"upb_color\" data-bg-override=\"0\" data-bg-color=\"#1e73be\" data-fadeout=\"\" data-fadeout-percentage=\"30\" data-parallax-content=\"\" data-parallax-content-sense=\"30\" data-row-effect-mobile-disable=\"true\" data-img-parallax-mobile-disable=\"true\" data-rtl=\"false\"  data-custom-vc-row=\"\"  data-vc=\"6.7.0\"  data-is_old_vc=\"\"  data-theme-support=\"\"   data-overlay=\"false\" data-overlay-color=\"\" data-overlay-pattern=\"\" data-overlay-pattern-opacity=\"\" data-overlay-pattern-size=\"\"    ><\/div><section class=\"l-section wpb_row height_small color_alternate\" id=\"intro\"><div class=\"l-section-h i-cf\"><div class=\"g-cols vc_row via_grid cols_1 laptops-cols_inherit tablets-cols_inherit mobiles-cols_1 valign_top type_default\"><div class=\"wpb_column vc_column_container\"><div class=\"vc_column-inner\"><div class=\"w-image align_center\"><div class=\"w-image-h\"><img loading=\"lazy\" decoding=\"async\" width=\"274\" height=\"40\" src=\"https:\/\/dostumyemeski.birikiuc.net\/wp-content\/uploads\/2015\/12\/Yircali.png\" class=\"attachment-large size-large\" alt=\"\" \/><\/div><\/div><\/div><\/div><\/div><\/div><\/section><section class=\"l-section wpb_row height_small\"><div class=\"l-section-h i-cf\"><div class=\"g-cols vc_row via_grid cols_2 laptops-cols_inherit tablets-cols_inherit mobiles-cols_1 valign_top type_default\"><div class=\"wpb_column vc_column_container\"><div class=\"vc_column-inner\"><div class=\"wpb_text_column us_custom_c1ed5033 has_text_color\"><div class=\"wpb_wrapper\"><h2 class=\"p1\"><b>BEST Bal\u0131kesir\u00a0<\/b><b>Elektromekanik\u00a0<\/b><b>Sanayi Tesisleri A.\u015e.<\/b><\/h2>\n<\/div><\/div><div class=\"w-image align_left\"><div class=\"w-image-h\"><img loading=\"lazy\" decoding=\"async\" width=\"500\" height=\"500\" src=\"https:\/\/dostumyemeski.birikiuc.net\/wp-content\/uploads\/2016\/02\/Best-trafo.png\" class=\"attachment-large size-large\" alt=\"\" srcset=\"https:\/\/dostumyemeski.birikiuc.net\/wp-content\/uploads\/2016\/02\/Best-trafo.png 500w, https:\/\/dostumyemeski.birikiuc.net\/wp-content\/uploads\/2016\/02\/Best-trafo-300x300.png 300w, https:\/\/dostumyemeski.birikiuc.net\/wp-content\/uploads\/2016\/02\/Best-trafo-150x150.png 150w\" sizes=\"auto, (max-width: 500px) 100vw, 500px\" \/><\/div><\/div><\/div><\/div><div class=\"wpb_column vc_column_container\"><div class=\"vc_column-inner\"><div class=\"g-cols wpb_row via_grid cols_1-3 laptops-cols_inherit tablets-cols_inherit mobiles-cols_1 valign_top type_default\"><div class=\"wpb_column vc_column_container\"><div class=\"vc_column-inner\"><div class=\"w-image align_left\"><div class=\"w-image-h\"><img loading=\"lazy\" decoding=\"async\" width=\"100\" height=\"99\" src=\"https:\/\/dostumyemeski.birikiuc.net\/wp-content\/uploads\/2016\/02\/BEST-1.jpg\" class=\"attachment-large size-large\" alt=\"\" \/><\/div><\/div><\/div><\/div><div class=\"wpb_column vc_column_container\"><div class=\"vc_column-inner\"><div class=\"wpb_text_column\"><div class=\"wpb_wrapper\"><p>Y\u0131rcal\u0131 Ailesi taraf\u0131ndan temelleri 1966\u2019da Bal\u0131kesir\u2019de at\u0131lan Bal\u0131kesir Elektromekanik Sanayi Tesisleri A.\u015e. (BEST) %100 yerli sermaye ile kurulmu\u015f olan T\u00fcrkiye\u2019nin ilk y\u00fcksek gerilim transformat\u00f6r \u00fcreticisidir. \u00dcretimine Bal\u0131kesir A\u011f\u0131r Sanayi B\u00f6lgesi\u2019ndeki tesislerinde ba\u015flayan \u015firketimiz, y\u0131llar i\u00e7erisinde yapt\u0131\u011f\u0131 yat\u0131r\u0131mlar ve y\u00fcksek teknolojiyle donatt\u0131\u011f\u0131 yeni tesisleri ile bug\u00fcn Bal\u0131kesir Organize Sanayi B\u00f6lgesi\u2019nde hizmet veriyor.<\/p>\n<p>170.000 m2 \u00fcretim alan\u0131 ve 50.000 MVA \u00fcretim kapasitesi ile T\u00fcrkiye ve b\u00f6lgenin \u00f6nde gelen transformat\u00f6r \u00fcreticilerinden biri olan BEST, g\u00fcn\u00fcm\u00fczde \u00fcretiminin y\u00fczde 50\u2019den fazlas\u0131n\u0131 85\u2019in \u00fczerinde \u00fclkeye ihra\u00e7 ederek global bir \u015firkete d\u00f6n\u00fc\u015ft\u00fc. D\u00fcnyan\u0131n \u00f6nde gelen elektrik kurumlar\u0131, demir \u00e7elik \u00fcreticileri, petrol ve gaz \u015firketleri, g\u00fcne\u015f ve r\u00fczg\u00e2r enerji projeleri gibi bir\u00e7ok alana hizmet eden \u015firketimiz ihracat oran\u0131n\u0131 da her sene artt\u0131r\u0131yor.<\/p>\n<p>BEST, 2010 y\u0131l\u0131nda BEST Elektrik Taahh\u00fct ve Ticaret A.\u015e (BETA\u015e)\u2019i kurarak enerji m\u00fcteahhitli\u011fi i\u015fine de ad\u0131m atarak m\u00fc\u015fterilerine anahtar teslim \u00e7\u00f6z\u00fcm ortakl\u0131\u011f\u0131 sunmaya ba\u015flad\u0131. B\u00f6ylece, ba\u015fta T\u00fcrkiye olmak \u00fczere Avrupa, Balkanlar, Ortado\u011fu ve Kuzey Afrika\u2019 da gerilim elektrik taahh\u00fct alan\u0131nda \u00e7al\u0131\u015fmalar\u0131n\u0131 s\u00fcrd\u00fcr\u00fcyor.<\/p>\n<\/div><\/div><\/div><\/div><\/div><\/div><\/div><\/div><\/div><\/section><section class=\"l-section wpb_row height_small\"><div class=\"l-section-h i-cf\"><div class=\"g-cols vc_row via_grid cols_2 laptops-cols_inherit tablets-cols_inherit mobiles-cols_1 valign_top type_default\"><div class=\"wpb_column vc_column_container\"><div class=\"vc_column-inner\"><div class=\"g-cols wpb_row via_grid cols_1-3 laptops-cols_inherit tablets-cols_inherit mobiles-cols_1 valign_top type_default\"><div class=\"wpb_column vc_column_container\"><div class=\"vc_column-inner\"><div class=\"w-image align_left\"><div class=\"w-image-h\"><img loading=\"lazy\" decoding=\"async\" width=\"100\" height=\"99\" src=\"https:\/\/dostumyemeski.birikiuc.net\/wp-content\/uploads\/2016\/02\/Yersa.jpg\" class=\"attachment-large size-large\" alt=\"\" \/><\/div><\/div><\/div><\/div><div class=\"wpb_column vc_column_container\"><div class=\"vc_column-inner\"><div class=\"wpb_text_column\"><div class=\"wpb_wrapper\"><p>Bal\u0131kesir\u2019de, 1974 y\u0131l\u0131ndan bu yana, \u201cY\u0131rcal\u0131 Holding\u201d b\u00fcnyesinde faaliyetine devam eden YERSA SENTET\u0130K, uzun y\u0131llar boyu kazanm\u0131\u015f oldu\u011fu deneyimlerini, \u00fclke ekonomisine katk\u0131 sa\u011flayarak s\u00fcrd\u00fcrmektedir. Konu\u015fland\u0131\u011f\u0131 ba\u015fta Sara\u00e7 K\u00f6y\u00fc olmak \u00fczere, Kepsut il\u00e7esi ve \u00e7evre k\u00f6ylerin ekonomik ve sosyal \u00e7ehresini de\u011fi\u015ftiren YERSA SENTET\u0130K, k\u00f6yden kente yap\u0131lan g\u00f6\u00e7\u00fcn tersine \u00e7evrilmesinde, T\u00fcrk ekonomisinde ba\u015frol\u00fc oynam\u0131\u015f olman\u0131n hakl\u0131 gururunu ya\u015famaktad\u0131r. \u201cY\u0131rcal\u0131 Holding\u201d \u015femsiyesi alt\u0131nda edinmi\u015f oldu\u011fu ve kurulu\u015fundan bug\u00fcne \u00f6d\u00fcn vermedi\u011fi kurumsal etik de\u011ferleri, t\u00fcm \u00fcr\u00fcn ve hizmetlerinde uygulad\u0131\u011f\u0131 \u00fcst d\u00fczey kalite ilkesi ve insana yat\u0131r\u0131m politikas\u0131 ile g\u00fcven ve sayg\u0131nl\u0131\u011f\u0131n simgesi olmu\u015ftur.<\/p>\n<\/div><\/div><\/div><\/div><\/div><\/div><\/div><div class=\"wpb_column vc_column_container\"><div class=\"vc_column-inner\"><div class=\"wpb_text_column us_custom_c1ed5033 has_text_color\"><div class=\"wpb_wrapper\"><h2><strong>Yersa Sentetik Dokuma A.\u015e.<\/strong><\/h2>\n<\/div><\/div><div class=\"w-image align_left\"><div class=\"w-image-h\"><img loading=\"lazy\" decoding=\"async\" width=\"500\" height=\"500\" src=\"https:\/\/dostumyemeski.birikiuc.net\/wp-content\/uploads\/2016\/02\/YersaLogolu.png\" class=\"attachment-large size-large\" alt=\"\" srcset=\"https:\/\/dostumyemeski.birikiuc.net\/wp-content\/uploads\/2016\/02\/YersaLogolu.png 500w, https:\/\/dostumyemeski.birikiuc.net\/wp-content\/uploads\/2016\/02\/YersaLogolu-300x300.png 300w, https:\/\/dostumyemeski.birikiuc.net\/wp-content\/uploads\/2016\/02\/YersaLogolu-150x150.png 150w\" sizes=\"auto, (max-width: 500px) 100vw, 500px\" \/><\/div><\/div><\/div><\/div><\/div><\/div><\/section><section class=\"l-section wpb_row height_small\"><div class=\"l-section-h i-cf\"><div class=\"g-cols vc_row via_grid cols_2 laptops-cols_inherit tablets-cols_inherit mobiles-cols_1 valign_top type_default\"><div class=\"wpb_column vc_column_container\"><div class=\"vc_column-inner\"><div class=\"wpb_text_column us_custom_c1ed5033 has_text_color\"><div class=\"wpb_wrapper\"><h2><strong>Karesi Enerji\u00a0A.\u015e.<\/strong><\/h2>\n<\/div><\/div><div class=\"w-image align_left\"><div class=\"w-image-h\"><img loading=\"lazy\" decoding=\"async\" width=\"500\" height=\"500\" src=\"https:\/\/dostumyemeski.birikiuc.net\/wp-content\/uploads\/2016\/02\/Karesi.png\" class=\"attachment-large size-large\" alt=\"\" srcset=\"https:\/\/dostumyemeski.birikiuc.net\/wp-content\/uploads\/2016\/02\/Karesi.png 500w, https:\/\/dostumyemeski.birikiuc.net\/wp-content\/uploads\/2016\/02\/Karesi-300x300.png 300w, https:\/\/dostumyemeski.birikiuc.net\/wp-content\/uploads\/2016\/02\/Karesi-150x150.png 150w\" sizes=\"auto, (max-width: 500px) 100vw, 500px\" \/><\/div><\/div><\/div><\/div><div class=\"wpb_column vc_column_container\"><div class=\"vc_column-inner\"><div class=\"g-cols wpb_row via_grid cols_1-3 laptops-cols_inherit tablets-cols_inherit mobiles-cols_1 valign_top type_default\"><div class=\"wpb_column vc_column_container\"><div class=\"vc_column-inner\"><div class=\"w-image align_left\"><div class=\"w-image-h\"><img loading=\"lazy\" decoding=\"async\" width=\"100\" height=\"99\" src=\"https:\/\/dostumyemeski.birikiuc.net\/wp-content\/uploads\/2016\/02\/KaresiE.jpg\" class=\"attachment-large size-large\" alt=\"\" \/><\/div><\/div><\/div><\/div><div class=\"wpb_column vc_column_container\"><div class=\"vc_column-inner\"><div class=\"wpb_text_column\"><div class=\"wpb_wrapper\"><p>Enerji sekt\u00f6r\u00fcndeki faaliyetlerinin ge\u00e7mi\u015fi 1960\u2019l\u0131 y\u0131llara kadar uzanan Y\u0131rcal\u0131 Grubu, Bal\u0131kesir Elektromekanik Sanayi Tesisleri (BEST Trafo) ile \u00fclkemizin elektromekanik sanayine yapt\u0131\u011f\u0131 katk\u0131y\u0131 elektrik \u00fcretimi alan\u0131na da yaymak amac\u0131yla 1990\u2019l\u0131 y\u0131llarda itibaren hidroelektrik ve r\u00fczgar enerjisi odakl\u0131 olarak yenilenebilir enerji kaynaklar\u0131na dayal\u0131 yat\u0131r\u0131mlar\u0131na ba\u015flam\u0131\u015ft\u0131r. Grubun elektrik \u00fcretim tesisi yat\u0131r\u0131mlar\u0131n\u0131n \u00e7at\u0131 \u015firketi olan Karesi Enerji A.\u015e. ba\u011fl\u0131 ortakl\u0131klar\u0131 ve i\u015ftirakleri \u00fczerinden sekt\u00f6re yat\u0131r\u0131m yap\u0131lmaktad\u0131r. Karesi Enerji A.\u015e., Sermaye Piyasas\u0131 Kurulunda kayd\u0131 bulunnan halka a\u00e7\u0131k bir \u015firkettir.<\/p>\n<p>Karesi Enerji A.\u015e.\u2019nin ENDA Enerji Holding A.\u015e. ile ortak yat\u0131r\u0131m\u0131 olan G\u00f6nen HES bir Y\u0130D (Yap-\u0130\u015flet-Devret) projesi olarak 1995 y\u0131l\u0131nda devreye al\u0131nm\u0131\u015f ve s\u00f6zle\u015fme s\u00fcresi sonunda 2018 y\u0131l\u0131nda E\u00dcA\u015e\u2019a devir edilmi\u015ftir. Karesi Enerji A.\u015e., \u00e7ok ortakl\u0131 enerji yat\u0131r\u0131m \u015firketleri olan ENDA Enerji Holding A.\u015e. ve Egenda Ege Enerji \u00dcretim A.\u015e.\u2019de pay sahibidir. 55MW g\u00fcc\u00fcndeki Akhisar RES 2011 y\u0131l\u0131ndan beri i\u015fletmededir. 30MW g\u00fcc\u00fcndeki Karl\u0131tepe RES\u2019in 2020 y\u0131l\u0131nda i\u015fletmeye al\u0131nmas\u0131 planlanmaktad\u0131r. EPDK\u2019dan \u00f6nlisans alm\u0131\u015f olan 30MW g\u00fcc\u00fcndeki D\u00f6k\u00fckda\u011f\u0131 RES\u2019in in\u015faat \u00f6ncesi d\u00f6nem idari izin s\u00fcre\u00e7leri devam etmektedir.<\/p>\n<\/div><\/div><\/div><\/div><\/div><\/div><\/div><\/div><\/div><\/section>\n","protected":false},"excerpt":{"rendered":"YIRCALI HOLD\u0130NG BEST Bal\u0131kesir\u00a0Elektromekanik\u00a0Sanayi Tesisleri A.\u015e. Y\u0131rcal\u0131 Ailesi taraf\u0131ndan temelleri 1966\u2019da Bal\u0131kesir\u2019de at\u0131lan Bal\u0131kesir Elektromekanik Sanayi Tesisleri A.\u015e. (BEST) %100 yerli sermaye ile kurulmu\u015f olan T\u00fcrkiye\u2019nin ilk y\u00fcksek gerilim transformat\u00f6r \u00fcreticisidir. \u00dcretimine Bal\u0131kesir A\u011f\u0131r Sanayi B\u00f6lgesi\u2019ndeki tesislerinde ba\u015flayan \u015firketimiz, y\u0131llar i\u00e7erisinde yapt\u0131\u011f\u0131 yat\u0131r\u0131mlar ve y\u00fcksek teknolojiyle donatt\u0131\u011f\u0131 yeni tesisleri ile bug\u00fcn Bal\u0131kesir Organize Sanayi B\u00f6lgesi\u2019nde...","protected":false},"author":1,"featured_media":0,"parent":0,"menu_order":0,"comment_status":"closed","ping_status":"closed","template":"","meta":{"footnotes":""},"class_list":["post-8087","page","type-page","status-publish","hentry"],"_links":{"self":[{"href":"https:\/\/dostumyemeski.birikiuc.net\/index.php?rest_route=\/wp\/v2\/pages\/8087","targetHints":{"allow":["GET"]}}],"collection":[{"href":"https:\/\/dostumyemeski.birikiuc.net\/index.php?rest_route=\/wp\/v2\/pages"}],"about":[{"href":"https:\/\/dostumyemeski.birikiuc.net\/index.php?rest_route=\/wp\/v2\/types\/page"}],"author":[{"embeddable":true,"href":"https:\/\/dostumyemeski.birikiuc.net\/index.php?rest_route=\/wp\/v2\/users\/1"}],"replies":[{"embeddable":true,"href":"https:\/\/dostumyemeski.birikiuc.net\/index.php?rest_route=%2Fwp%2Fv2%2Fcomments&post=8087"}],"version-history":[{"count":16,"href":"https:\/\/dostumyemeski.birikiuc.net\/index.php?rest_route=\/wp\/v2\/pages\/8087\/revisions"}],"predecessor-version":[{"id":8507,"href":"https:\/\/dostumyemeski.birikiuc.net\/index.php?rest_route=\/wp\/v2\/pages\/8087\/revisions\/8507"}],"wp:attachment":[{"href":"https:\/\/dostumyemeski.birikiuc.net\/index.php?rest_route=%2Fwp%2Fv2%2Fmedia&parent=8087"}],"curies":[{"name":"wp","href":"https:\/\/api.w.org\/{rel}","templated":true}]}}