{"id":12,"date":"2013-05-31T11:57:37","date_gmt":"2013-05-31T08:57:37","guid":{"rendered":"http:\/\/impreza.us-themes.net\/pages\/about\/"},"modified":"2022-06-08T16:03:42","modified_gmt":"2022-06-08T13:03:42","slug":"tarihce","status":"publish","type":"page","link":"https:\/\/dostumyemeski.birikiuc.net\/?page_id=12","title":{"rendered":"Tarih\u00e7e"},"content":{"rendered":"<section class=\"l-section wpb_row height_small color_primary parallax_hor bgwidth_120\"><div class=\"l-section-overlay\" style=\"background:rgba(2,2,2,0.67)\"><\/div><div class=\"l-section-h i-cf\"><div class=\"g-cols vc_row via_grid cols_1 laptops-cols_inherit tablets-cols_inherit mobiles-cols_1 valign_top type_default\"><div class=\"wpb_column vc_column_container\"><div class=\"vc_column-inner\"><div class=\"wpb_text_column\"><div class=\"wpb_wrapper\"><h1 style=\"text-align: center;\">YIRCALI HOLD\u0130NG<\/h1>\n<\/div><\/div><div class=\"w-separator size_small\"><\/div><div class=\"w-iconbox iconpos_top style_default color_custom align_center no_title no_text\"><a href=\"#intro\" class=\"w-iconbox-link\" aria-label=\"far|chevron-down\"><div class=\"w-iconbox-icon\" style=\"font-size:3rem;color:#ffffff;\"><i class=\"far fa-chevron-down\"><\/i><\/div><\/a><div class=\"w-iconbox-meta\"><\/div><\/div><div class=\"w-separator size_medium\"><\/div><\/div><\/div><\/div><\/div><\/section><!-- Row Backgrounds --><div class=\"upb_color\" data-bg-override=\"0\" data-bg-color=\"#1e73be\" data-fadeout=\"\" data-fadeout-percentage=\"30\" data-parallax-content=\"\" data-parallax-content-sense=\"30\" data-row-effect-mobile-disable=\"true\" data-img-parallax-mobile-disable=\"true\" data-rtl=\"false\"  data-custom-vc-row=\"\"  data-vc=\"6.7.0\"  data-is_old_vc=\"\"  data-theme-support=\"\"   data-overlay=\"false\" data-overlay-color=\"\" data-overlay-pattern=\"\" data-overlay-pattern-opacity=\"\" data-overlay-pattern-size=\"\"    ><\/div><section class=\"l-section wpb_row height_small color_alternate\" id=\"intro\"><div class=\"l-section-h i-cf\"><div class=\"g-cols vc_row via_grid cols_1 laptops-cols_inherit tablets-cols_inherit mobiles-cols_1 valign_top type_default\"><div class=\"wpb_column vc_column_container\"><div class=\"vc_column-inner\"><div class=\"w-image align_center\"><div class=\"w-image-h\"><img loading=\"lazy\" decoding=\"async\" width=\"274\" height=\"40\" src=\"https:\/\/dostumyemeski.birikiuc.net\/wp-content\/uploads\/2015\/12\/Yircali.png\" class=\"attachment-large size-large\" alt=\"\" \/><\/div><\/div><div class=\"w-separator size_medium with_line width_default thick_1 style_solid color_border align_center with_content\"><div class=\"w-separator-h\"><i class=\"fas fa-chevron-down\"><\/i><\/div><\/div><div class=\"g-cols wpb_row via_grid cols_1 laptops-cols_inherit tablets-cols_inherit mobiles-cols_1 valign_top type_default\"><div class=\"wpb_column vc_column_container\"><div class=\"vc_column-inner\"><div class=\"wpb_text_column\"><div class=\"wpb_wrapper\"><p style=\"text-align: center;\"><em>Sene 1918\u2026 Birinci Cihan Harbi\u2019nden yenik \u00e7\u0131kan Osmanl\u0131 topraklar\u0131 da\u011f\u0131t\u0131lm\u0131\u015f, Anadolu d\u00fc\u015fman i\u015fgalinde, umutlar t\u00fckenmek \u00fczere\u2026 Bu durum vatan a\u015fk\u0131 ile ya\u015fayan Y\u0131rcal\u0131zade \u015e\u00fckr\u00fc Efendi ve arkada\u015flar\u0131 i\u00e7in kabul edilemezdi. D\u00fc\u015fmanla m\u00fccadele hatt\u0131nda cesaret, azim ve kararl\u0131l\u0131k ile Bal\u0131kesir\u2019de Kuvay-i Milliye\u2019nin \u00f6nc\u00fcs\u00fc olacak, milli m\u00fccadelenin \u00f6n saflar\u0131nda yer alacaklard\u0131.<\/em><\/p>\n<p style=\"text-align: center;\"><em>Y\u0131rcal\u0131 ailesinin hikayesi 100 y\u0131l kadar \u00f6ncesine dayanmaktad\u0131r.<\/em><br \/>\n<em>Vatana hizmet , azim ve kararl\u0131l\u0131k ile ba\u015flayan \u00e7aba, bug\u00fcn Y\u0131rcal\u0131zade \u015e\u00fckr\u00fc Efendi\u2019nin evlatlar\u0131 taraf\u0131ndan ayn\u0131 emek ve \u00f6zveri ile s\u00fcrd\u00fcr\u00fclmektedir.<\/em><\/p>\n<p style=\"text-align: center;\"><em>\u015eirket, bir yandan Bal\u0131kesir\u2019den d\u00fcnyaya yay\u0131lan yat\u0131r\u0131mlar\u0131yla T\u00fcrkiye\u2019nin ekonomik kalk\u0131nmas\u0131na destek olurken bir yandan da sosyal sorumluluk \u00e7abalar\u0131yla T\u00fcrk milletine hizmet etmektedir.<\/em><\/p>\n<\/div><\/div><div class=\"w-image align_center\"><div class=\"w-image-h\"><img loading=\"lazy\" decoding=\"async\" width=\"1024\" height=\"122\" src=\"https:\/\/dostumyemeski.birikiuc.net\/wp-content\/uploads\/2022\/05\/yatbp-01-1024x122.png\" class=\"attachment-large size-large\" alt=\"\" srcset=\"https:\/\/dostumyemeski.birikiuc.net\/wp-content\/uploads\/2022\/05\/yatbp-01-1024x122.png 1024w, https:\/\/dostumyemeski.birikiuc.net\/wp-content\/uploads\/2022\/05\/yatbp-01-300x36.png 300w\" sizes=\"auto, (max-width: 1024px) 100vw, 1024px\" \/><\/div><\/div><\/div><\/div><\/div><\/div><\/div><\/div><\/div><\/section><section class=\"l-section wpb_row height_small color_alternate\" id=\"intro\"><div class=\"l-section-h i-cf\"><div class=\"g-cols vc_row via_grid cols_1 laptops-cols_inherit tablets-cols_inherit mobiles-cols_1 valign_top type_default\"><div class=\"wpb_column vc_column_container\"><div class=\"vc_column-inner\"><div class=\"wpb_text_column us_custom_17963b12 has_text_color\"><div class=\"wpb_wrapper\"><h3 style=\"text-align: center;\"><strong>BALIKES\u0130R\u2019DEN D\u00dcNYA\u2019YA<\/strong><\/h3>\n<\/div><\/div><div class=\"w-separator size_medium with_line width_default thick_1 style_solid color_border align_center with_content\"><div class=\"w-separator-h\"><i class=\"fas fa-chevron-down\"><\/i><\/div><\/div><div class=\"wpb_column vc_column_container\"><div class=\"vc_column-inner\"><\/div><\/div><\/div><\/div><\/div><\/div><\/section><!-- Row Backgrounds --><div class=\"upb_color\" data-bg-override=\"0\" data-bg-color=\"#ffffff\" data-fadeout=\"\" data-fadeout-percentage=\"30\" data-parallax-content=\"\" data-parallax-content-sense=\"30\" data-row-effect-mobile-disable=\"true\" data-img-parallax-mobile-disable=\"true\" data-rtl=\"false\"  data-custom-vc-row=\"\"  data-vc=\"6.7.0\"  data-is_old_vc=\"\"  data-theme-support=\"\"   data-overlay=\"false\" data-overlay-color=\"\" data-overlay-pattern=\"\" data-overlay-pattern-opacity=\"\" data-overlay-pattern-size=\"\"    ><\/div><section class=\"l-section wpb_row height_small\"><div class=\"l-section-h i-cf\"><div class=\"g-cols vc_row via_grid cols_2 laptops-cols_inherit tablets-cols_inherit mobiles-cols_1 valign_top type_default\"><div class=\"wpb_column vc_column_container\"><div class=\"vc_column-inner\"><div class=\"g-cols wpb_row via_grid cols_1-3 laptops-cols_inherit tablets-cols_inherit mobiles-cols_1 valign_top type_default\"><div class=\"wpb_column vc_column_container\"><div class=\"vc_column-inner\"><div class=\"w-image style_outlined align_left\"><div class=\"w-image-h\"><img loading=\"lazy\" decoding=\"async\" width=\"110\" height=\"150\" src=\"https:\/\/dostumyemeski.birikiuc.net\/wp-content\/uploads\/2015\/12\/SuKRu-BEY.png\" class=\"attachment-full size-full\" alt=\"\" \/><\/div><\/div><\/div><\/div><div class=\"wpb_column vc_column_container\"><div class=\"vc_column-inner\"><div class=\"wpb_text_column\"><div class=\"wpb_wrapper\"><p>Kurtulu\u015f Sava\u015f\u0131 y\u0131llar\u0131nda Bal\u0131kesir Alacamescit\u2019te direni\u015f me\u015falesini yakarak silahl\u0131 m\u00fccadele karar\u0131 alan ve 41 Bayrak Adam olarak an\u0131lan Kuvayi Milliyecilerdendir.<br \/>\nBug\u00fcn 5. ku\u015fa\u011f\u0131 Bal\u0131kesir\u2019de olan Y\u0131rcal\u0131 ailesi, Osmanl\u0131\u2019n\u0131n bir sanca\u011f\u0131 olan ve bug\u00fcn Soma\u2019ya ba\u011fl\u0131 Y\u0131rca K\u00f6y\u00fc\u2019nden Bal\u0131kesir\u2019e yerle\u015fir. Y\u0131rcal\u0131zade \u015e\u00fckr\u00fc Bey, Osmanl\u0131\u2019n\u0131n son zamanlar\u0131nda \u0130ttihat ve Terakki Cemiyeti i\u00e7inde \u00f6nemli g\u00f6revler \u00fcstlenir.<br \/>\nAtat\u00fcrk Samsun\u2019a yol al\u0131rken, Bal\u0131kesir\u2019de 41 Bayrak Adam diye an\u0131lan bir eylem grubu kurar. Yunan\u2019a kar\u015f\u0131 kurulan Redd-i \u0130lhak Cemiyeti en b\u00fcy\u00fck toplant\u0131lar\u0131ndan birini yine Bal\u0131kesir\u2019de bu ki\u015filerin \u00f6nc\u00fcl\u00fc\u011f\u00fcnde yapar.<br \/>\nB\u00fcy\u00fck o\u011flu S\u0131tk\u0131 Y\u0131rcal\u0131, Paris\u2019te Sorbonne \u00dcniversitesini bitirdikten sonra aktif politika hayat\u0131na at\u0131l\u0131r. Adnan Menderes\u2019le beraber Demokrat Parti kurucular\u0131 aras\u0131ndad\u0131r. 9., 10. ve 11. D\u00f6nem Bal\u0131kesir Milletvekilli\u011fi, Bakanl\u0131k ile Bal\u0131kesir Senat\u00f6rl\u00fc\u011f\u00fc yapar.<br \/>\nK\u00fc\u00e7\u00fck o\u011flu Ahmet S\u0131rr\u0131 Y\u0131rcal\u0131 1954-1960 y\u0131llar\u0131 aras\u0131nda yine Demoktrat Parti 10. Ve 11. D\u00f6nem Bal\u0131kesir milletvekili se\u00e7ilir.<\/p>\n<\/div><\/div><\/div><\/div><\/div><\/div><\/div><div class=\"wpb_column vc_column_container\"><div class=\"vc_column-inner\"><div class=\"g-cols wpb_row via_grid cols_1-3 laptops-cols_inherit tablets-cols_inherit mobiles-cols_1 valign_top type_default\"><div class=\"wpb_column vc_column_container\"><div class=\"vc_column-inner\"><div class=\"w-image style_outlined align_left\"><div class=\"w-image-h\"><img loading=\"lazy\" decoding=\"async\" width=\"110\" height=\"150\" src=\"https:\/\/dostumyemeski.birikiuc.net\/wp-content\/uploads\/2015\/12\/RonaBey.png\" class=\"attachment-full size-full\" alt=\"\" \/><\/div><\/div><\/div><\/div><div class=\"wpb_column vc_column_container\"><div class=\"vc_column-inner\"><div class=\"wpb_text_column\"><div class=\"wpb_wrapper\"><p class=\"p1\">Y\u0131rcal\u0131zade \u015e\u00fckr\u00fc Efendi\u2019den hizmet bayra\u011f\u0131n\u0131 alan S\u0131rr\u0131 Y\u0131rcal\u0131, ailenin ekonomik b\u00fcy\u00fcmesinde fitili ate\u015fleyen isim olmu\u015ftur. \u0130lk ve orta tahsilini Bal\u0131kesir\u2019de tamamlamas\u0131n\u0131n ard\u0131ndan y\u00fcksek tahsilini \u0130stanbul \u00dcniversitesi Hukuk Fak\u00fcltesi\u2019nde yapm\u0131\u015ft\u0131r. S\u0131rr\u0131 Bey, daha sonra Bal\u0131kesir\u2019e d\u00f6nerek kay\u0131npederi Muharrem Hasbi Koray\u2019\u0131n Un Fabrikas\u0131n\u0131n i\u015fletmesini devral\u0131r.<\/p>\n<p class=\"p1\">1954-1960 d\u00f6nemlerinde Demokrat Parti\u2019den iki d\u00f6nem Bal\u0131kesir Milletvekili se\u00e7ilmi\u015ftir. 1949 y\u0131l\u0131ndan bu yana y\u00f6netti\u011fi \u00e7ok say\u0131da \u015firketi ile \u00fclkemiz ekonomisine \u00f6nemli katk\u0131larda bulunmu\u015ftur. 1950 y\u0131l\u0131nda bulup i\u015fletmeye ba\u015flad\u0131\u011f\u0131 bor mineralleri bug\u00fcn \u00fclkemizin en \u00f6nemli yeralt\u0131 kaynaklar\u0131ndan biri olmu\u015ftur. Vefat\u0131na kadar 50 y\u0131l\u0131 a\u015fan Bal\u0131kesir vergi rekortmenli\u011fini gururla ta\u015f\u0131m\u0131\u015ft\u0131r.<\/p>\n<\/div><\/div><\/div><\/div><\/div><\/div><\/div><\/div><\/div><\/section><section class=\"l-section wpb_row height_small\" id=\"first\"><div class=\"l-section-h i-cf\"><div class=\"g-cols vc_row via_grid cols_1 laptops-cols_inherit tablets-cols_inherit mobiles-cols_1 valign_top type_default\"><div class=\"wpb_column vc_column_container\"><div class=\"vc_column-inner\"><div class=\"w-image align_center\"><div class=\"w-image-h\"><img loading=\"lazy\" decoding=\"async\" width=\"1024\" height=\"152\" src=\"https:\/\/dostumyemeski.birikiuc.net\/wp-content\/uploads\/2022\/06\/slogan-1024x152.png\" class=\"attachment-large size-large\" alt=\"\" srcset=\"https:\/\/dostumyemeski.birikiuc.net\/wp-content\/uploads\/2022\/06\/slogan-1024x152.png 1024w, https:\/\/dostumyemeski.birikiuc.net\/wp-content\/uploads\/2022\/06\/slogan-300x44.png 300w\" sizes=\"auto, (max-width: 1024px) 100vw, 1024px\" \/><\/div><\/div><\/div><\/div><\/div><\/div><\/section><!-- Row Backgrounds --><div class=\"upb_color\" data-bg-override=\"0\" data-bg-color=\"#11cc00\" data-fadeout=\"\" data-fadeout-percentage=\"30\" data-parallax-content=\"\" data-parallax-content-sense=\"30\" data-row-effect-mobile-disable=\"true\" data-img-parallax-mobile-disable=\"true\" data-rtl=\"false\"  data-custom-vc-row=\"\"  data-vc=\"6.7.0\"  data-is_old_vc=\"\"  data-theme-support=\"\"   data-overlay=\"false\" data-overlay-color=\"\" data-overlay-pattern=\"\" data-overlay-pattern-opacity=\"\" data-overlay-pattern-size=\"\"    ><\/div>\n","protected":false},"excerpt":{"rendered":"YIRCALI HOLD\u0130NG Sene 1918\u2026 Birinci Cihan Harbi\u2019nden yenik \u00e7\u0131kan Osmanl\u0131 topraklar\u0131 da\u011f\u0131t\u0131lm\u0131\u015f, Anadolu d\u00fc\u015fman i\u015fgalinde, umutlar t\u00fckenmek \u00fczere\u2026 Bu durum vatan a\u015fk\u0131 ile ya\u015fayan Y\u0131rcal\u0131zade \u015e\u00fckr\u00fc Efendi ve arkada\u015flar\u0131 i\u00e7in kabul edilemezdi. D\u00fc\u015fmanla m\u00fccadele hatt\u0131nda cesaret, azim ve kararl\u0131l\u0131k ile Bal\u0131kesir\u2019de Kuvay-i Milliye\u2019nin \u00f6nc\u00fcs\u00fc olacak, milli m\u00fccadelenin \u00f6n saflar\u0131nda yer alacaklard\u0131. Y\u0131rcal\u0131 ailesinin hikayesi 100...","protected":false},"author":1,"featured_media":0,"parent":0,"menu_order":0,"comment_status":"closed","ping_status":"closed","template":"","meta":{"footnotes":""},"class_list":["post-12","page","type-page","status-publish","hentry"],"_links":{"self":[{"href":"https:\/\/dostumyemeski.birikiuc.net\/index.php?rest_route=\/wp\/v2\/pages\/12","targetHints":{"allow":["GET"]}}],"collection":[{"href":"https:\/\/dostumyemeski.birikiuc.net\/index.php?rest_route=\/wp\/v2\/pages"}],"about":[{"href":"https:\/\/dostumyemeski.birikiuc.net\/index.php?rest_route=\/wp\/v2\/types\/page"}],"author":[{"embeddable":true,"href":"https:\/\/dostumyemeski.birikiuc.net\/index.php?rest_route=\/wp\/v2\/users\/1"}],"replies":[{"embeddable":true,"href":"https:\/\/dostumyemeski.birikiuc.net\/index.php?rest_route=%2Fwp%2Fv2%2Fcomments&post=12"}],"version-history":[{"count":26,"href":"https:\/\/dostumyemeski.birikiuc.net\/index.php?rest_route=\/wp\/v2\/pages\/12\/revisions"}],"predecessor-version":[{"id":8920,"href":"https:\/\/dostumyemeski.birikiuc.net\/index.php?rest_route=\/wp\/v2\/pages\/12\/revisions\/8920"}],"wp:attachment":[{"href":"https:\/\/dostumyemeski.birikiuc.net\/index.php?rest_route=%2Fwp%2Fv2%2Fmedia&parent=12"}],"curies":[{"name":"wp","href":"https:\/\/api.w.org\/{rel}","templated":true}]}}